{"id":227,"date":"2022-03-29T16:47:36","date_gmt":"2022-03-29T15:47:36","guid":{"rendered":"https:\/\/lekedi.eramet.ovh\/?page_id=227"},"modified":"2022-06-20T16:30:34","modified_gmt":"2022-06-20T15:30:34","slug":"actualites","status":"publish","type":"page","link":"https:\/\/lekedi-biodiversite.org\/fr\/actualites\/actualites\/","title":{"rendered":"Actualit\u00e9s"},"content":{"rendered":"<div class=\"fusion-fullwidth fullwidth-box fusion-builder-row-1 fusion-flex-container nonhundred-percent-fullwidth non-hundred-percent-height-scrolling\" style=\"--awb-border-radius-top-left:0px;--awb-border-radius-top-right:0px;--awb-border-radius-bottom-right:0px;--awb-border-radius-bottom-left:0px;--awb-flex-wrap:wrap;\" ><div class=\"fusion-builder-row fusion-row fusion-flex-align-items-flex-start fusion-flex-content-wrap\" style=\"max-width:1248px;margin-left: calc(-4% \/ 2 );margin-right: calc(-4% \/ 2 );\"><div class=\"fusion-layout-column fusion_builder_column fusion-builder-column-0 fusion_builder_column_1_1 1_1 fusion-flex-column\" style=\"--awb-bg-size:cover;--awb-width-large:100%;--awb-margin-top-large:0px;--awb-spacing-right-large:1.92%;--awb-margin-bottom-large:50px;--awb-spacing-left-large:1.92%;--awb-width-medium:100%;--awb-order-medium:0;--awb-spacing-right-medium:1.92%;--awb-spacing-left-medium:1.92%;--awb-width-small:100%;--awb-order-small:0;--awb-spacing-right-small:1.92%;--awb-spacing-left-small:1.92%;\"><div class=\"fusion-column-wrapper fusion-column-has-shadow fusion-flex-justify-content-flex-start fusion-content-layout-column\"><div class=\"fusion-blog-shortcode fusion-blog-shortcode-1 fusion-blog-archive fusion-blog-layout-grid-wrapper fusion-blog-pagination\"><style type=\"text\/css\">.fusion-blog-shortcode-1 .fusion-blog-layout-grid .fusion-post-grid{padding:20px;}.fusion-blog-shortcode-1 .fusion-posts-container{margin-left: -20px !important; margin-right:-20px !important;}<\/style><div class=\"fusion-posts-container fusion-posts-container-pagination fusion-blog-rollover fusion-blog-layout-grid fusion-blog-layout-grid-2 isotope\" data-pages=\"1\" data-grid-col-space=\"40\" style=\"margin: -20px -20px 0;min-height:500px;\"><article id=\"blog-1-post-1726\" class=\"fusion-post-grid post-1726 post type-post status-publish format-standard has-post-thumbnail hentry category-actualite tag-journees-eramet-de-la-biodiversite\">\n<div class=\"fusion-post-wrapper\" style=\"background-color:rgba(255,255,255,0);border:1px solid #f2f3f5;border-bottom-width:3px;\">\n\n\t\t\t<div class=\"fusion-flexslider flexslider fusion-flexslider-loading fusion-post-slideshow\" style=\"border-color:#f2f3f5;\">\n\t\t<ul class=\"slides\">\n\t\t\t\n\t\t\t\t\t\t\t\t\t\t\t\t\t\t<li><div  class=\"fusion-image-wrapper\" aria-haspopup=\"true\">\n\t\t\t\t<img decoding=\"async\" width=\"1834\" height=\"1032\" src=\"https:\/\/lekedi-biodiversite.org\/wp-content\/uploads\/sites\/8\/2026\/01\/2025-FLB-4e-Journee-Eramet-Biodiversite-1.jpg\" class=\"attachment-full size-full wp-post-image\" alt=\"\" srcset=\"https:\/\/lekedi-biodiversite.org\/wp-content\/uploads\/sites\/8\/2026\/01\/2025-FLB-4e-Journee-Eramet-Biodiversite-1-200x113.jpg 200w, https:\/\/lekedi-biodiversite.org\/wp-content\/uploads\/sites\/8\/2026\/01\/2025-FLB-4e-Journee-Eramet-Biodiversite-1-400x225.jpg 400w, https:\/\/lekedi-biodiversite.org\/wp-content\/uploads\/sites\/8\/2026\/01\/2025-FLB-4e-Journee-Eramet-Biodiversite-1-600x338.jpg 600w, https:\/\/lekedi-biodiversite.org\/wp-content\/uploads\/sites\/8\/2026\/01\/2025-FLB-4e-Journee-Eramet-Biodiversite-1-800x450.jpg 800w, https:\/\/lekedi-biodiversite.org\/wp-content\/uploads\/sites\/8\/2026\/01\/2025-FLB-4e-Journee-Eramet-Biodiversite-1-1200x675.jpg 1200w, https:\/\/lekedi-biodiversite.org\/wp-content\/uploads\/sites\/8\/2026\/01\/2025-FLB-4e-Journee-Eramet-Biodiversite-1.jpg 1834w\" sizes=\"(min-width: 2200px) 100vw, (min-width: 712px) 580px, (min-width: 640px) 712px, \" \/><div class=\"fusion-rollover\">\n\t<div class=\"fusion-rollover-content\">\n\n\t\t\t\t\t\t\t\t\t\t\t\t\t\t<a class=\"fusion-rollover-link\" href=\"https:\/\/lekedi-biodiversite.org\/fr\/actualite\/4e-edition-de-la-journee-eramet-de-la-biodiversite-a-la-decouverte-des-services-ecosystemiques\/\">4e \u00e9dition de la Journ\u00e9e Eramet de la Biodiversit\u00e9 : \u00e0 la d\u00e9couverte des services \u00e9cosyst\u00e9miques<\/a>\n\t\t\t\n\t\t\t\t\t\t\t\t\t\t\t\t\t\t\n\t\t\t\t\t\t\t\t\n\t\t\t\t\t\t\t\t\t\t\t\t\t<div class=\"fusion-rollover-sep\"><\/div>\n\t\t\t\t\n\t\t\t\t\t\t\t\t\t\t\t\t\t\t\t\t\t\t<a class=\"fusion-rollover-gallery\" href=\"https:\/\/lekedi-biodiversite.org\/wp-content\/uploads\/sites\/8\/2026\/01\/2025-FLB-4e-Journee-Eramet-Biodiversite-1.jpg\" data-id=\"1726\" data-rel=\"iLightbox[gallery]\" data-title=\"2025-FLB-4e-Journ\u00e9e-Eramet-Biodiversit\u00e9-1\" data-caption=\"\">\n\t\t\t\t\t\tGalerie\t\t\t\t\t<\/a>\n\t\t\t\t\t\t\t\t\t\t\t\t\t\t\n\t\t\n\t\t\t\t\t\t\t\t\t\t\t\t<h4 class=\"fusion-rollover-title\">\n\t\t\t\t\t<a class=\"fusion-rollover-title-link\" href=\"https:\/\/lekedi-biodiversite.org\/fr\/actualite\/4e-edition-de-la-journee-eramet-de-la-biodiversite-a-la-decouverte-des-services-ecosystemiques\/\">\n\t\t\t\t\t\t4<sup>e<\/sup> \u00e9dition de la Journ\u00e9e Eramet de la Biodiversit\u00e9 : \u00e0 la d\u00e9couverte des services \u00e9cosyst\u00e9miques\t\t\t\t\t<\/a>\n\t\t\t\t<\/h4>\n\t\t\t\n\t\t\t\t\t\t\t\t\t\t<div class=\"fusion-rollover-categories\"><a href=\"https:\/\/lekedi-biodiversite.org\/fr\/category\/actualite\/\" rel=\"tag\">Actualit\u00e9<\/a><\/div>\t\t\t\t\t\n\t\t\n\t\t\t\t\t\t<a class=\"fusion-link-wrapper\" href=\"https:\/\/lekedi-biodiversite.org\/fr\/actualite\/4e-edition-de-la-journee-eramet-de-la-biodiversite-a-la-decouverte-des-services-ecosystemiques\/\" aria-label=\"4&lt;sup&gt;e&lt;\/sup&gt; \u00e9dition de la Journ\u00e9e Eramet de la Biodiversit\u00e9 : \u00e0 la d\u00e9couverte des services \u00e9cosyst\u00e9miques\"><\/a>\n\t<\/div>\n<\/div>\n<\/div>\n<\/li>\n\t\t\t\n\t\t\t\n\t\t\t\t\t\t\t\t\t\t\t\n\t\t\t\t\t\n\t\t\t\t\t\t\t\t\t\t\t<li>\n\t\t\t\t\t\t\t<div class=\"fusion-image-wrapper\">\n\t\t\t\t\t\t\t\t<a href=\"https:\/\/lekedi-biodiversite.org\/fr\/actualite\/4e-edition-de-la-journee-eramet-de-la-biodiversite-a-la-decouverte-des-services-ecosystemiques\/\" aria-label=\"4e \u00e9dition de la Journ\u00e9e Eramet de la Biodiversit\u00e9 : \u00e0 la d\u00e9couverte des services \u00e9cosyst\u00e9miques\">\n\t\t\t\t\t\t\t\t\t<img decoding=\"async\" width=\"1861\" height=\"1047\" src=\"https:\/\/lekedi-biodiversite.org\/wp-content\/uploads\/sites\/8\/2026\/01\/2025-FLB-4e-Journee-Eramet-Biodiversite-2.jpg\" alt=\"\" class=\"wp-image-1729\" role=\"presentation\" srcset=\"https:\/\/lekedi-biodiversite.org\/wp-content\/uploads\/sites\/8\/2026\/01\/2025-FLB-4e-Journee-Eramet-Biodiversite-2-200x113.jpg 200w, https:\/\/lekedi-biodiversite.org\/wp-content\/uploads\/sites\/8\/2026\/01\/2025-FLB-4e-Journee-Eramet-Biodiversite-2-400x225.jpg 400w, https:\/\/lekedi-biodiversite.org\/wp-content\/uploads\/sites\/8\/2026\/01\/2025-FLB-4e-Journee-Eramet-Biodiversite-2-600x338.jpg 600w, https:\/\/lekedi-biodiversite.org\/wp-content\/uploads\/sites\/8\/2026\/01\/2025-FLB-4e-Journee-Eramet-Biodiversite-2-800x450.jpg 800w, https:\/\/lekedi-biodiversite.org\/wp-content\/uploads\/sites\/8\/2026\/01\/2025-FLB-4e-Journee-Eramet-Biodiversite-2-1200x675.jpg 1200w, https:\/\/lekedi-biodiversite.org\/wp-content\/uploads\/sites\/8\/2026\/01\/2025-FLB-4e-Journee-Eramet-Biodiversite-2.jpg 1861w\" sizes=\"(min-width: 2200px) 100vw, (min-width: 712px) 580px, (min-width: 640px) 712px, \" \/>\t\t\t\t\t\t\t\t<\/a>\n\t\t\t\t\t\t\t\t<a style=\"display:none;\" href=\"https:\/\/lekedi-biodiversite.org\/wp-content\/uploads\/sites\/8\/2026\/01\/2025-FLB-4e-Journee-Eramet-Biodiversite-2.jpg\" data-rel=\"iLightbox[gallery1726]\"  title=\"\" data-title=\"2025-FLB-4e-Journ\u00e9e-Eramet-Biodiversit\u00e9-2\" data-caption=\"\">\n\t\t\t\t\t\t\t\t\t\t\t\t\t\t\t\t\t<\/a>\n\t\t\t\t\t\t\t<\/div>\n\t\t\t\t\t\t<\/li>\n\t\t\t\t\t\t\t\t\t\t\t\t\t\t\t\t\t\t\t\t\t\t\t\t\t\t\t\t\t\t\t\t\t\t\t\t\t\t\t\t\t\t\t\t\t\t\t\t\t\t\t\t\t\t\t\t\t\t\t\t\t\t\t\t\t\t<\/ul>\n\t<\/div>\n\t<div class=\"fusion-post-content-wrapper\" style=\"padding:30px 25px 25px 25px;\"><div class=\"fusion-post-content post-content\"><h2 class=\"blog-shortcode-post-title entry-title\"><a href=\"https:\/\/lekedi-biodiversite.org\/fr\/actualite\/4e-edition-de-la-journee-eramet-de-la-biodiversite-a-la-decouverte-des-services-ecosystemiques\/\">4<sup>e<\/sup> \u00e9dition de la Journ\u00e9e Eramet de la Biodiversit\u00e9 : \u00e0 la d\u00e9couverte des services \u00e9cosyst\u00e9miques<\/a><\/h2><p class=\"fusion-single-line-meta\"><span class=\"updated\" style=\"display:none;\">2026-01-08T15:57:14+01:00<\/span><span>8 janvier 2026<\/span><span class=\"fusion-inline-sep\">|<\/span>Cat\u00e9gories : <a href=\"https:\/\/lekedi-biodiversite.org\/fr\/category\/actualite\/\" rel=\"category tag\">Actualit\u00e9<\/a><span class=\"fusion-inline-sep\">|<\/span><span class=\"meta-tags\">Tags: <a href=\"https:\/\/lekedi-biodiversite.org\/fr\/tag\/journees-eramet-de-la-biodiversite\/\" rel=\"tag\">Journ\u00e9es Eramet de la Biodiversit\u00e9<\/a><\/span><span class=\"fusion-inline-sep\">|<\/span><\/p><div class=\"fusion-content-sep sep-double sep-solid\"><\/div><div class=\"fusion-post-content-container\"><p>Le 16 d\u00e9cembre 2025, la Fondation L\u00e9k\u00e9di Biodiversit\u00e9 a organis\u00e9<\/p><\/div><\/div><div class=\"fusion-meta-info\"><div class=\"fusion-alignleft\"><a class=\"fusion-read-more\" href=\"https:\/\/lekedi-biodiversite.org\/fr\/actualite\/4e-edition-de-la-journee-eramet-de-la-biodiversite-a-la-decouverte-des-services-ecosystemiques\/\" aria-label=\"More on 4&lt;sup&gt;e&lt;\/sup&gt; \u00e9dition de la Journ\u00e9e Eramet de la Biodiversit\u00e9 : \u00e0 la d\u00e9couverte des services \u00e9cosyst\u00e9miques\">Lire Plus<\/a><\/div><\/div><\/div><div class=\"fusion-clearfix\"><\/div><\/div>\n<\/article>\n<article id=\"blog-1-post-759\" class=\"fusion-post-grid post-759 post type-post status-publish format-standard hentry category-actualite tag-journees-eramet-de-la-biodiversite\">\n<div class=\"fusion-post-wrapper\" style=\"background-color:rgba(255,255,255,0);border:1px solid #f2f3f5;border-bottom-width:3px;\">\n\n<div class=\"fusion-post-content-wrapper\" style=\"padding:30px 25px 25px 25px;\"><div class=\"fusion-post-content post-content\"><h2 class=\"blog-shortcode-post-title entry-title\"><a href=\"https:\/\/lekedi-biodiversite.org\/fr\/actualite\/3e-edition-des-rencontres-eramet-de-la-biodiversite\/\">3<sup>e<\/sup> \u00e9dition des Rencontres Eramet de la Biodiversit\u00e9<\/a><\/h2><p class=\"fusion-single-line-meta\"><span class=\"updated\" style=\"display:none;\">2026-01-08T15:57:41+01:00<\/span><span>6 d\u00e9cembre 2024<\/span><span class=\"fusion-inline-sep\">|<\/span>Cat\u00e9gories : <a href=\"https:\/\/lekedi-biodiversite.org\/fr\/category\/actualite\/\" rel=\"category tag\">Actualit\u00e9<\/a><span class=\"fusion-inline-sep\">|<\/span><span class=\"meta-tags\">Tags: <a href=\"https:\/\/lekedi-biodiversite.org\/fr\/tag\/journees-eramet-de-la-biodiversite\/\" rel=\"tag\">Journ\u00e9es Eramet de la Biodiversit\u00e9<\/a><\/span><span class=\"fusion-inline-sep\">|<\/span><\/p><div class=\"fusion-content-sep sep-double sep-solid\"><\/div><div class=\"fusion-post-content-container\"><p>A travers la Fondation L\u00e9k\u00e9di Biodiversit\u00e9, Eramet concr\u00e9tise ses engagements pour la biodiversit\u00e9 au-del\u00e0 de ses activit\u00e9s mini\u00e8res.<\/p><\/div><\/div><div class=\"fusion-meta-info\"><div class=\"fusion-alignleft\"><a class=\"fusion-read-more\" href=\"https:\/\/lekedi-biodiversite.org\/fr\/actualite\/3e-edition-des-rencontres-eramet-de-la-biodiversite\/\" aria-label=\"More on 3&lt;sup&gt;e&lt;\/sup&gt; \u00e9dition des Rencontres Eramet de la Biodiversit\u00e9\">Lire Plus<\/a><\/div><\/div><\/div><div class=\"fusion-clearfix\"><\/div><\/div>\n<\/article>\n<article id=\"blog-1-post-663\" class=\"fusion-post-grid post-663 post type-post status-publish format-standard has-post-thumbnail hentry category-actualite tag-journees-eramet-de-la-biodiversite\">\n<div class=\"fusion-post-wrapper\" style=\"background-color:rgba(255,255,255,0);border:1px solid #f2f3f5;border-bottom-width:3px;\">\n\n\t\t\t<div class=\"fusion-flexslider flexslider fusion-flexslider-loading fusion-post-slideshow\" style=\"border-color:#f2f3f5;\">\n\t\t<ul class=\"slides\">\n\t\t\t\n\t\t\t\t\t\t\t\t\t\t\t\t\t\t<li><div  class=\"fusion-image-wrapper\" aria-haspopup=\"true\">\n\t\t\t\t<img decoding=\"async\" width=\"1810\" height=\"2560\" src=\"https:\/\/lekedi-biodiversite.org\/wp-content\/uploads\/sites\/8\/2023\/12\/2023-12-07-Fondation-Lekedi-Biodiversite-Livret-scaled.jpg\" class=\"attachment-full size-full wp-post-image\" alt=\"\" srcset=\"https:\/\/lekedi-biodiversite.org\/wp-content\/uploads\/sites\/8\/2023\/12\/2023-12-07-Fondation-Lekedi-Biodiversite-Livret-200x283.jpg 200w, https:\/\/lekedi-biodiversite.org\/wp-content\/uploads\/sites\/8\/2023\/12\/2023-12-07-Fondation-Lekedi-Biodiversite-Livret-400x566.jpg 400w, https:\/\/lekedi-biodiversite.org\/wp-content\/uploads\/sites\/8\/2023\/12\/2023-12-07-Fondation-Lekedi-Biodiversite-Livret-600x848.jpg 600w, https:\/\/lekedi-biodiversite.org\/wp-content\/uploads\/sites\/8\/2023\/12\/2023-12-07-Fondation-Lekedi-Biodiversite-Livret-800x1131.jpg 800w, https:\/\/lekedi-biodiversite.org\/wp-content\/uploads\/sites\/8\/2023\/12\/2023-12-07-Fondation-Lekedi-Biodiversite-Livret-1200x1697.jpg 1200w, https:\/\/lekedi-biodiversite.org\/wp-content\/uploads\/sites\/8\/2023\/12\/2023-12-07-Fondation-Lekedi-Biodiversite-Livret-scaled.jpg 1810w\" sizes=\"(min-width: 2200px) 100vw, (min-width: 712px) 580px, (min-width: 640px) 712px, \" \/><div class=\"fusion-rollover\">\n\t<div class=\"fusion-rollover-content\">\n\n\t\t\t\t\t\t\t\t\t\t\t\t\t\t<a class=\"fusion-rollover-link\" href=\"https:\/\/lekedi-biodiversite.org\/fr\/actualite\/2supeme-sup-edition-des-rencontres-eramet-de-la-biodiversite\/\">2\u00e8me \u00e9dition des Rencontres Eramet de la Biodiversit\u00e9<\/a>\n\t\t\t\n\t\t\t\t\t\t\t\t\t\t\t\t\t\t\n\t\t\t\t\t\t\t\t\n\t\t\t\t\t\t\t\t\t\t\t\t\t<div class=\"fusion-rollover-sep\"><\/div>\n\t\t\t\t\n\t\t\t\t\t\t\t\t\t\t\t\t\t\t\t\t\t\t<a class=\"fusion-rollover-gallery\" href=\"https:\/\/lekedi-biodiversite.org\/wp-content\/uploads\/sites\/8\/2023\/12\/2023-12-07-Fondation-Lekedi-Biodiversite-Livret-scaled.jpg\" data-id=\"663\" data-rel=\"iLightbox[gallery]\" data-title=\"2023-12-07-Fondation-L\u00e9k\u00e9di-Biodiversit\u00e9-Livret\" data-caption=\"\">\n\t\t\t\t\t\tGalerie\t\t\t\t\t<\/a>\n\t\t\t\t\t\t\t\t\t\t\t\t\t\t\n\t\t\n\t\t\t\t\t\t\t\t\t\t\t\t<h4 class=\"fusion-rollover-title\">\n\t\t\t\t\t<a class=\"fusion-rollover-title-link\" href=\"https:\/\/lekedi-biodiversite.org\/fr\/actualite\/2supeme-sup-edition-des-rencontres-eramet-de-la-biodiversite\/\">\n\t\t\t\t\t\t2\u00e8me \u00e9dition des Rencontres Eramet de la Biodiversit\u00e9\t\t\t\t\t<\/a>\n\t\t\t\t<\/h4>\n\t\t\t\n\t\t\t\t\t\t\t\t\t\t<div class=\"fusion-rollover-categories\"><a href=\"https:\/\/lekedi-biodiversite.org\/fr\/category\/actualite\/\" rel=\"tag\">Actualit\u00e9<\/a><\/div>\t\t\t\t\t\n\t\t\n\t\t\t\t\t\t<a class=\"fusion-link-wrapper\" href=\"https:\/\/lekedi-biodiversite.org\/fr\/actualite\/2supeme-sup-edition-des-rencontres-eramet-de-la-biodiversite\/\" aria-label=\"2\u00e8me \u00e9dition des Rencontres Eramet de la Biodiversit\u00e9\"><\/a>\n\t<\/div>\n<\/div>\n<\/div>\n<\/li>\n\t\t\t\n\t\t\t\n\t\t\t\t\t\t\t\t\t\t\t\t\t\t\t\t\t\t\t\t\t\t\t\t\t\t\t\t\t\t\t\t\t\t\t\t\t\t\t\t\t\t\t\t\t\t\t\t\t\t\t\t\t\t\t\t\t\t\t\t\t\t\t\t\t\t\t\t<\/ul>\n\t<\/div>\n\t<div class=\"fusion-post-content-wrapper\" style=\"padding:30px 25px 25px 25px;\"><div class=\"fusion-post-content post-content\"><h2 class=\"blog-shortcode-post-title entry-title\"><a href=\"https:\/\/lekedi-biodiversite.org\/fr\/actualite\/2supeme-sup-edition-des-rencontres-eramet-de-la-biodiversite\/\">2\u00e8me \u00e9dition des Rencontres Eramet de la Biodiversit\u00e9<\/a><\/h2><p class=\"fusion-single-line-meta\"><span class=\"updated\" style=\"display:none;\">2025-12-18T15:29:20+01:00<\/span><span>8 d\u00e9cembre 2023<\/span><span class=\"fusion-inline-sep\">|<\/span>Cat\u00e9gories : <a href=\"https:\/\/lekedi-biodiversite.org\/fr\/category\/actualite\/\" rel=\"category tag\">Actualit\u00e9<\/a><span class=\"fusion-inline-sep\">|<\/span><span class=\"meta-tags\">Tags: <a href=\"https:\/\/lekedi-biodiversite.org\/fr\/tag\/journees-eramet-de-la-biodiversite\/\" rel=\"tag\">Journ\u00e9es Eramet de la Biodiversit\u00e9<\/a><\/span><span class=\"fusion-inline-sep\">|<\/span><\/p><div class=\"fusion-content-sep sep-double sep-solid\"><\/div><div class=\"fusion-post-content-container\"><p> A l'occasion de la deuxi\u00e8me \u00e9dition des \" Rencontres<\/p><\/div><\/div><div class=\"fusion-meta-info\"><div class=\"fusion-alignleft\"><a class=\"fusion-read-more\" href=\"https:\/\/lekedi-biodiversite.org\/fr\/actualite\/2supeme-sup-edition-des-rencontres-eramet-de-la-biodiversite\/\" aria-label=\"More on 2\u00e8me \u00e9dition des Rencontres Eramet de la Biodiversit\u00e9\">Lire Plus<\/a><\/div><\/div><\/div><div class=\"fusion-clearfix\"><\/div><\/div>\n<\/article>\n<article id=\"blog-1-post-643\" class=\"fusion-post-grid post-643 post type-post status-publish format-standard has-post-thumbnail hentry category-actualite\">\n<div class=\"fusion-post-wrapper\" style=\"background-color:rgba(255,255,255,0);border:1px solid #f2f3f5;border-bottom-width:3px;\">\n\n\t\t\t<div class=\"fusion-flexslider flexslider fusion-flexslider-loading fusion-post-slideshow\" style=\"border-color:#f2f3f5;\">\n\t\t<ul class=\"slides\">\n\t\t\t\n\t\t\t\t\t\t\t\t\t\t\t\t\t\t<li><div  class=\"fusion-image-wrapper\" aria-haspopup=\"true\">\n\t\t\t\t<img decoding=\"async\" width=\"1920\" height=\"1080\" src=\"https:\/\/lekedi-biodiversite.org\/wp-content\/uploads\/sites\/8\/2022\/03\/Chimpanze-BB.jpg\" class=\"attachment-full size-full wp-post-image\" alt=\"\" srcset=\"https:\/\/lekedi-biodiversite.org\/wp-content\/uploads\/sites\/8\/2022\/03\/Chimpanze-BB-200x113.jpg 200w, https:\/\/lekedi-biodiversite.org\/wp-content\/uploads\/sites\/8\/2022\/03\/Chimpanze-BB-400x225.jpg 400w, https:\/\/lekedi-biodiversite.org\/wp-content\/uploads\/sites\/8\/2022\/03\/Chimpanze-BB-600x338.jpg 600w, https:\/\/lekedi-biodiversite.org\/wp-content\/uploads\/sites\/8\/2022\/03\/Chimpanze-BB-800x450.jpg 800w, https:\/\/lekedi-biodiversite.org\/wp-content\/uploads\/sites\/8\/2022\/03\/Chimpanze-BB-1200x675.jpg 1200w, https:\/\/lekedi-biodiversite.org\/wp-content\/uploads\/sites\/8\/2022\/03\/Chimpanze-BB.jpg 1920w\" sizes=\"(min-width: 2200px) 100vw, (min-width: 712px) 580px, (min-width: 640px) 712px, \" \/><div class=\"fusion-rollover\">\n\t<div class=\"fusion-rollover-content\">\n\n\t\t\t\t\t\t\t\t\t\t\t\t\t\t<a class=\"fusion-rollover-link\" href=\"https:\/\/lekedi-biodiversite.org\/fr\/actualite\/la-fondation-lekedi-biodiversite-soigne-son-parc\/\">La fondation L\u00e9k\u00e9di biodiversit\u00e9 soigne son parc<\/a>\n\t\t\t\n\t\t\t\t\t\t\t\t\t\t\t\t\t\t\n\t\t\t\t\t\t\t\t\n\t\t\t\t\t\t\t\t\t\t\t\t\t<div class=\"fusion-rollover-sep\"><\/div>\n\t\t\t\t\n\t\t\t\t\t\t\t\t\t\t\t\t\t\t\t\t\t\t<a class=\"fusion-rollover-gallery\" href=\"https:\/\/lekedi-biodiversite.org\/wp-content\/uploads\/sites\/8\/2022\/03\/Chimpanze-BB.jpg\" data-id=\"643\" data-rel=\"iLightbox[gallery]\" data-title=\"Chimpanz\u00e9 b\u00e9b\u00e9\" data-caption=\"Chimpanz\u00e9 b\u00e9b\u00e9\">\n\t\t\t\t\t\tGalerie\t\t\t\t\t<\/a>\n\t\t\t\t\t\t\t\t\t\t\t\t\t\t\n\t\t\n\t\t\t\t\t\t\t\t\t\t\t\t<h4 class=\"fusion-rollover-title\">\n\t\t\t\t\t<a class=\"fusion-rollover-title-link\" href=\"https:\/\/lekedi-biodiversite.org\/fr\/actualite\/la-fondation-lekedi-biodiversite-soigne-son-parc\/\">\n\t\t\t\t\t\tLa fondation L\u00e9k\u00e9di biodiversit\u00e9 soigne son parc\t\t\t\t\t<\/a>\n\t\t\t\t<\/h4>\n\t\t\t\n\t\t\t\t\t\t\t\t\t\t<div class=\"fusion-rollover-categories\"><a href=\"https:\/\/lekedi-biodiversite.org\/fr\/category\/actualite\/\" rel=\"tag\">Actualit\u00e9<\/a><\/div>\t\t\t\t\t\n\t\t\n\t\t\t\t\t\t<a class=\"fusion-link-wrapper\" href=\"https:\/\/lekedi-biodiversite.org\/fr\/actualite\/la-fondation-lekedi-biodiversite-soigne-son-parc\/\" aria-label=\"La fondation L\u00e9k\u00e9di biodiversit\u00e9 soigne son parc\"><\/a>\n\t<\/div>\n<\/div>\n<\/div>\n<\/li>\n\t\t\t\n\t\t\t\n\t\t\t\t\t\t\t\t\t\t\t\t\t\t\t\t\t\t\t\t\t\t\t\t\t\t\t\t\t\t\t\t\t\t\t\t\t\t\t\t\t\t\t\t\t\t\t\t\t\t\t\t\t\t\t\t\t\t\t\t\t\t\t\t\t\t\t\t<\/ul>\n\t<\/div>\n\t<div class=\"fusion-post-content-wrapper\" style=\"padding:30px 25px 25px 25px;\"><div class=\"fusion-post-content post-content\"><h2 class=\"blog-shortcode-post-title entry-title\"><a href=\"https:\/\/lekedi-biodiversite.org\/fr\/actualite\/la-fondation-lekedi-biodiversite-soigne-son-parc\/\">La fondation L\u00e9k\u00e9di biodiversit\u00e9 soigne son parc<\/a><\/h2><p class=\"fusion-single-line-meta\"><span class=\"updated\" style=\"display:none;\">2025-12-22T15:11:38+01:00<\/span><span>8 avril 2022<\/span><span class=\"fusion-inline-sep\">|<\/span>Cat\u00e9gories : <a href=\"https:\/\/lekedi-biodiversite.org\/fr\/category\/actualite\/\" rel=\"category tag\">Actualit\u00e9<\/a><span class=\"fusion-inline-sep\">|<\/span><\/p><div class=\"fusion-content-sep sep-double sep-solid\"><\/div><div class=\"fusion-post-content-container\"><p>La fondation L\u00e9k\u00e9di biodiversit\u00e9 g\u00e8re le parc de la L\u00e9k\u00e9di depuis juin 2021. Elle va d\u00e9ployer des moyens suppl\u00e9mentaires pour pr\u00e9server la biodiversit\u00e9 au Gabon. Point d\u2019\u00e9tape avec Eric Willaume, directeur ex\u00e9cutif de la Fondation L\u00e9k\u00e9di Biodiversit\u00e9.<\/p><\/div><\/div><div class=\"fusion-meta-info\"><div class=\"fusion-alignleft\"><a class=\"fusion-read-more\" href=\"https:\/\/lekedi-biodiversite.org\/fr\/actualite\/la-fondation-lekedi-biodiversite-soigne-son-parc\/\" aria-label=\"More on La fondation L\u00e9k\u00e9di biodiversit\u00e9 soigne son parc\">Lire Plus<\/a><\/div><\/div><\/div><div class=\"fusion-clearfix\"><\/div><\/div>\n<\/article>\n<article id=\"blog-1-post-625\" class=\"fusion-post-grid post-625 post type-post status-publish format-standard has-post-thumbnail hentry category-actualite\">\n<div class=\"fusion-post-wrapper\" style=\"background-color:rgba(255,255,255,0);border:1px solid #f2f3f5;border-bottom-width:3px;\">\n\n\t\t\t<div class=\"fusion-flexslider flexslider fusion-flexslider-loading fusion-post-slideshow\" style=\"border-color:#f2f3f5;\">\n\t\t<ul class=\"slides\">\n\t\t\t\n\t\t\t\t\t\t\t\t\t\t\t\t\t\t<li><div  class=\"fusion-image-wrapper\" aria-haspopup=\"true\">\n\t\t\t\t<img decoding=\"async\" width=\"1920\" height=\"1080\" src=\"https:\/\/lekedi-biodiversite.org\/wp-content\/uploads\/sites\/8\/2022\/06\/CB-et-gorille.jpg\" class=\"attachment-full size-full wp-post-image\" alt=\"\" srcset=\"https:\/\/lekedi-biodiversite.org\/wp-content\/uploads\/sites\/8\/2022\/06\/CB-et-gorille-200x113.jpg 200w, https:\/\/lekedi-biodiversite.org\/wp-content\/uploads\/sites\/8\/2022\/06\/CB-et-gorille-400x225.jpg 400w, https:\/\/lekedi-biodiversite.org\/wp-content\/uploads\/sites\/8\/2022\/06\/CB-et-gorille-600x338.jpg 600w, https:\/\/lekedi-biodiversite.org\/wp-content\/uploads\/sites\/8\/2022\/06\/CB-et-gorille-800x450.jpg 800w, https:\/\/lekedi-biodiversite.org\/wp-content\/uploads\/sites\/8\/2022\/06\/CB-et-gorille-1200x675.jpg 1200w, https:\/\/lekedi-biodiversite.org\/wp-content\/uploads\/sites\/8\/2022\/06\/CB-et-gorille.jpg 1920w\" sizes=\"(min-width: 2200px) 100vw, (min-width: 712px) 580px, (min-width: 640px) 712px, \" \/><div class=\"fusion-rollover\">\n\t<div class=\"fusion-rollover-content\">\n\n\t\t\t\t\t\t\t\t\t\t\t\t\t\t<a class=\"fusion-rollover-link\" href=\"https:\/\/lekedi-biodiversite.org\/fr\/actualite\/inauguration-au-gabon-de-la-fondation-lekedi-biodiversite\/\">Inauguration au Gabon de la Fondation L\u00e9k\u00e9di Biodiversit\u00e9<\/a>\n\t\t\t\n\t\t\t\t\t\t\t\t\t\t\t\t\t\t\n\t\t\t\t\t\t\t\t\n\t\t\t\t\t\t\t\t\t\t\t\t\t<div class=\"fusion-rollover-sep\"><\/div>\n\t\t\t\t\n\t\t\t\t\t\t\t\t\t\t\t\t\t\t\t\t\t\t<a class=\"fusion-rollover-gallery\" href=\"https:\/\/lekedi-biodiversite.org\/wp-content\/uploads\/sites\/8\/2022\/06\/CB-et-gorille.jpg\" data-id=\"625\" data-rel=\"iLightbox[gallery]\" data-title=\"Christel Bories et Jojo le gorille\" data-caption=\"Christel Bories et Jojo le gorille\">\n\t\t\t\t\t\tGalerie\t\t\t\t\t<\/a>\n\t\t\t\t\t\t\t\t\t\t\t\t\t\t\n\t\t\n\t\t\t\t\t\t\t\t\t\t\t\t<h4 class=\"fusion-rollover-title\">\n\t\t\t\t\t<a class=\"fusion-rollover-title-link\" href=\"https:\/\/lekedi-biodiversite.org\/fr\/actualite\/inauguration-au-gabon-de-la-fondation-lekedi-biodiversite\/\">\n\t\t\t\t\t\tInauguration au Gabon de la Fondation L\u00e9k\u00e9di Biodiversit\u00e9\t\t\t\t\t<\/a>\n\t\t\t\t<\/h4>\n\t\t\t\n\t\t\t\t\t\t\t\t\t\t<div class=\"fusion-rollover-categories\"><a href=\"https:\/\/lekedi-biodiversite.org\/fr\/category\/actualite\/\" rel=\"tag\">Actualit\u00e9<\/a><\/div>\t\t\t\t\t\n\t\t\n\t\t\t\t\t\t<a class=\"fusion-link-wrapper\" href=\"https:\/\/lekedi-biodiversite.org\/fr\/actualite\/inauguration-au-gabon-de-la-fondation-lekedi-biodiversite\/\" aria-label=\"Inauguration au Gabon de la Fondation L\u00e9k\u00e9di Biodiversit\u00e9\"><\/a>\n\t<\/div>\n<\/div>\n<\/div>\n<\/li>\n\t\t\t\n\t\t\t\n\t\t\t\t\t\t\t\t\t\t\t\n\t\t\t\t\t\n\t\t\t\t\t\t\t\t\t\t\t<li>\n\t\t\t\t\t\t\t<div class=\"fusion-image-wrapper\">\n\t\t\t\t\t\t\t\t<a href=\"https:\/\/lekedi-biodiversite.org\/fr\/actualite\/inauguration-au-gabon-de-la-fondation-lekedi-biodiversite\/\" aria-label=\"Inauguration au Gabon de la Fondation L\u00e9k\u00e9di Biodiversit\u00e9\">\n\t\t\t\t\t\t\t\t\t<img decoding=\"async\" width=\"1920\" height=\"1080\" src=\"https:\/\/lekedi-biodiversite.org\/wp-content\/uploads\/sites\/8\/2022\/06\/Inauguration-au-Gabon-de-la-Fondation-Lekedi-Biodiversite-2.jpg\" alt=\"\" class=\"wp-image-633\" role=\"presentation\" srcset=\"https:\/\/lekedi-biodiversite.org\/wp-content\/uploads\/sites\/8\/2022\/06\/Inauguration-au-Gabon-de-la-Fondation-Lekedi-Biodiversite-2-200x113.jpg 200w, https:\/\/lekedi-biodiversite.org\/wp-content\/uploads\/sites\/8\/2022\/06\/Inauguration-au-Gabon-de-la-Fondation-Lekedi-Biodiversite-2-400x225.jpg 400w, https:\/\/lekedi-biodiversite.org\/wp-content\/uploads\/sites\/8\/2022\/06\/Inauguration-au-Gabon-de-la-Fondation-Lekedi-Biodiversite-2-600x338.jpg 600w, https:\/\/lekedi-biodiversite.org\/wp-content\/uploads\/sites\/8\/2022\/06\/Inauguration-au-Gabon-de-la-Fondation-Lekedi-Biodiversite-2-800x450.jpg 800w, https:\/\/lekedi-biodiversite.org\/wp-content\/uploads\/sites\/8\/2022\/06\/Inauguration-au-Gabon-de-la-Fondation-Lekedi-Biodiversite-2-1200x675.jpg 1200w, https:\/\/lekedi-biodiversite.org\/wp-content\/uploads\/sites\/8\/2022\/06\/Inauguration-au-Gabon-de-la-Fondation-Lekedi-Biodiversite-2.jpg 1920w\" sizes=\"(min-width: 2200px) 100vw, (min-width: 712px) 580px, (min-width: 640px) 712px, \" \/>\t\t\t\t\t\t\t\t<\/a>\n\t\t\t\t\t\t\t\t<a style=\"display:none;\" href=\"https:\/\/lekedi-biodiversite.org\/wp-content\/uploads\/sites\/8\/2022\/06\/Inauguration-au-Gabon-de-la-Fondation-Lekedi-Biodiversite-2.jpg\" data-rel=\"iLightbox[gallery625]\"  title=\"\" data-title=\"Inauguration au Gabon de la Fondation L\u00e9k\u00e9di Biodiversit\u00e9\" data-caption=\"\">\n\t\t\t\t\t\t\t\t\t\t\t\t\t\t\t\t\t<\/a>\n\t\t\t\t\t\t\t<\/div>\n\t\t\t\t\t\t<\/li>\n\t\t\t\t\t\t\t\t\t\t\t\t\t\t\t\t\t\t\t\t\t\t\t\t\n\t\t\t\t\t\n\t\t\t\t\t\t\t\t\t\t\t<li>\n\t\t\t\t\t\t\t<div class=\"fusion-image-wrapper\">\n\t\t\t\t\t\t\t\t<a href=\"https:\/\/lekedi-biodiversite.org\/fr\/actualite\/inauguration-au-gabon-de-la-fondation-lekedi-biodiversite\/\" aria-label=\"Inauguration au Gabon de la Fondation L\u00e9k\u00e9di Biodiversit\u00e9\">\n\t\t\t\t\t\t\t\t\t<img decoding=\"async\" width=\"1920\" height=\"1080\" src=\"https:\/\/lekedi-biodiversite.org\/wp-content\/uploads\/sites\/8\/2022\/06\/Inauguration-au-Gabon-de-la-Fondation-Lekedi-Biodiversite-3.jpg\" alt=\"\" class=\"wp-image-634\" role=\"presentation\" srcset=\"https:\/\/lekedi-biodiversite.org\/wp-content\/uploads\/sites\/8\/2022\/06\/Inauguration-au-Gabon-de-la-Fondation-Lekedi-Biodiversite-3-200x113.jpg 200w, https:\/\/lekedi-biodiversite.org\/wp-content\/uploads\/sites\/8\/2022\/06\/Inauguration-au-Gabon-de-la-Fondation-Lekedi-Biodiversite-3-400x225.jpg 400w, https:\/\/lekedi-biodiversite.org\/wp-content\/uploads\/sites\/8\/2022\/06\/Inauguration-au-Gabon-de-la-Fondation-Lekedi-Biodiversite-3-600x338.jpg 600w, https:\/\/lekedi-biodiversite.org\/wp-content\/uploads\/sites\/8\/2022\/06\/Inauguration-au-Gabon-de-la-Fondation-Lekedi-Biodiversite-3-800x450.jpg 800w, https:\/\/lekedi-biodiversite.org\/wp-content\/uploads\/sites\/8\/2022\/06\/Inauguration-au-Gabon-de-la-Fondation-Lekedi-Biodiversite-3-1200x675.jpg 1200w, https:\/\/lekedi-biodiversite.org\/wp-content\/uploads\/sites\/8\/2022\/06\/Inauguration-au-Gabon-de-la-Fondation-Lekedi-Biodiversite-3.jpg 1920w\" sizes=\"(min-width: 2200px) 100vw, (min-width: 712px) 580px, (min-width: 640px) 712px, \" \/>\t\t\t\t\t\t\t\t<\/a>\n\t\t\t\t\t\t\t\t<a style=\"display:none;\" href=\"https:\/\/lekedi-biodiversite.org\/wp-content\/uploads\/sites\/8\/2022\/06\/Inauguration-au-Gabon-de-la-Fondation-Lekedi-Biodiversite-3.jpg\" data-rel=\"iLightbox[gallery625]\"  title=\"\" data-title=\"Inauguration au Gabon de la Fondation L\u00e9k\u00e9di Biodiversit\u00e9\" data-caption=\"\">\n\t\t\t\t\t\t\t\t\t\t\t\t\t\t\t\t\t<\/a>\n\t\t\t\t\t\t\t<\/div>\n\t\t\t\t\t\t<\/li>\n\t\t\t\t\t\t\t\t\t\t\t\t\t\t\t\t\t\t\t\t\t\t\t\t\n\t\t\t\t\t\n\t\t\t\t\t\t\t\t\t\t\t<li>\n\t\t\t\t\t\t\t<div class=\"fusion-image-wrapper\">\n\t\t\t\t\t\t\t\t<a href=\"https:\/\/lekedi-biodiversite.org\/fr\/actualite\/inauguration-au-gabon-de-la-fondation-lekedi-biodiversite\/\" aria-label=\"Inauguration au Gabon de la Fondation L\u00e9k\u00e9di Biodiversit\u00e9\">\n\t\t\t\t\t\t\t\t\t<img decoding=\"async\" width=\"1920\" height=\"1080\" src=\"https:\/\/lekedi-biodiversite.org\/wp-content\/uploads\/sites\/8\/2022\/06\/Inauguration-au-Gabon-de-la-Fondation-Lekedi-Biodiversite-4.jpg\" alt=\"\" class=\"wp-image-635\" role=\"presentation\" srcset=\"https:\/\/lekedi-biodiversite.org\/wp-content\/uploads\/sites\/8\/2022\/06\/Inauguration-au-Gabon-de-la-Fondation-Lekedi-Biodiversite-4-200x113.jpg 200w, https:\/\/lekedi-biodiversite.org\/wp-content\/uploads\/sites\/8\/2022\/06\/Inauguration-au-Gabon-de-la-Fondation-Lekedi-Biodiversite-4-400x225.jpg 400w, https:\/\/lekedi-biodiversite.org\/wp-content\/uploads\/sites\/8\/2022\/06\/Inauguration-au-Gabon-de-la-Fondation-Lekedi-Biodiversite-4-600x338.jpg 600w, https:\/\/lekedi-biodiversite.org\/wp-content\/uploads\/sites\/8\/2022\/06\/Inauguration-au-Gabon-de-la-Fondation-Lekedi-Biodiversite-4-800x450.jpg 800w, https:\/\/lekedi-biodiversite.org\/wp-content\/uploads\/sites\/8\/2022\/06\/Inauguration-au-Gabon-de-la-Fondation-Lekedi-Biodiversite-4-1200x675.jpg 1200w, https:\/\/lekedi-biodiversite.org\/wp-content\/uploads\/sites\/8\/2022\/06\/Inauguration-au-Gabon-de-la-Fondation-Lekedi-Biodiversite-4.jpg 1920w\" sizes=\"(min-width: 2200px) 100vw, (min-width: 712px) 580px, (min-width: 640px) 712px, \" \/>\t\t\t\t\t\t\t\t<\/a>\n\t\t\t\t\t\t\t\t<a style=\"display:none;\" href=\"https:\/\/lekedi-biodiversite.org\/wp-content\/uploads\/sites\/8\/2022\/06\/Inauguration-au-Gabon-de-la-Fondation-Lekedi-Biodiversite-4.jpg\" data-rel=\"iLightbox[gallery625]\"  title=\"\" data-title=\"Inauguration au Gabon de la Fondation L\u00e9k\u00e9di Biodiversit\u00e9\" data-caption=\"\">\n\t\t\t\t\t\t\t\t\t\t\t\t\t\t\t\t\t<\/a>\n\t\t\t\t\t\t\t<\/div>\n\t\t\t\t\t\t<\/li>\n\t\t\t\t\t\t\t\t\t\t\t\t\t\t\t\t\t\t\t\t\t\t\t\t\n\t\t\t\t\t\n\t\t\t\t\t\t\t\t\t\t\t<li>\n\t\t\t\t\t\t\t<div class=\"fusion-image-wrapper\">\n\t\t\t\t\t\t\t\t<a href=\"https:\/\/lekedi-biodiversite.org\/fr\/actualite\/inauguration-au-gabon-de-la-fondation-lekedi-biodiversite\/\" aria-label=\"Inauguration au Gabon de la Fondation L\u00e9k\u00e9di Biodiversit\u00e9\">\n\t\t\t\t\t\t\t\t\t<img decoding=\"async\" width=\"1920\" height=\"1080\" src=\"https:\/\/lekedi-biodiversite.org\/wp-content\/uploads\/sites\/8\/2022\/06\/Inauguration-au-Gabon-de-la-Fondation-Lekedi-Biodiversite-5.jpg\" alt=\"\" class=\"wp-image-636\" role=\"presentation\" srcset=\"https:\/\/lekedi-biodiversite.org\/wp-content\/uploads\/sites\/8\/2022\/06\/Inauguration-au-Gabon-de-la-Fondation-Lekedi-Biodiversite-5-200x113.jpg 200w, https:\/\/lekedi-biodiversite.org\/wp-content\/uploads\/sites\/8\/2022\/06\/Inauguration-au-Gabon-de-la-Fondation-Lekedi-Biodiversite-5-400x225.jpg 400w, https:\/\/lekedi-biodiversite.org\/wp-content\/uploads\/sites\/8\/2022\/06\/Inauguration-au-Gabon-de-la-Fondation-Lekedi-Biodiversite-5-600x338.jpg 600w, https:\/\/lekedi-biodiversite.org\/wp-content\/uploads\/sites\/8\/2022\/06\/Inauguration-au-Gabon-de-la-Fondation-Lekedi-Biodiversite-5-800x450.jpg 800w, https:\/\/lekedi-biodiversite.org\/wp-content\/uploads\/sites\/8\/2022\/06\/Inauguration-au-Gabon-de-la-Fondation-Lekedi-Biodiversite-5-1200x675.jpg 1200w, https:\/\/lekedi-biodiversite.org\/wp-content\/uploads\/sites\/8\/2022\/06\/Inauguration-au-Gabon-de-la-Fondation-Lekedi-Biodiversite-5.jpg 1920w\" sizes=\"(min-width: 2200px) 100vw, (min-width: 712px) 580px, (min-width: 640px) 712px, \" \/>\t\t\t\t\t\t\t\t<\/a>\n\t\t\t\t\t\t\t\t<a style=\"display:none;\" href=\"https:\/\/lekedi-biodiversite.org\/wp-content\/uploads\/sites\/8\/2022\/06\/Inauguration-au-Gabon-de-la-Fondation-Lekedi-Biodiversite-5.jpg\" data-rel=\"iLightbox[gallery625]\"  title=\"\" data-title=\"Inauguration au Gabon de la Fondation L\u00e9k\u00e9di Biodiversit\u00e9\" data-caption=\"\">\n\t\t\t\t\t\t\t\t\t\t\t\t\t\t\t\t\t<\/a>\n\t\t\t\t\t\t\t<\/div>\n\t\t\t\t\t\t<\/li>\n\t\t\t\t\t\t\t\t\t\t\t\t\t\t\t\t\t\t\t\t\t<\/ul>\n\t<\/div>\n\t<div class=\"fusion-post-content-wrapper\" style=\"padding:30px 25px 25px 25px;\"><div class=\"fusion-post-content post-content\"><h2 class=\"blog-shortcode-post-title entry-title\"><a href=\"https:\/\/lekedi-biodiversite.org\/fr\/actualite\/inauguration-au-gabon-de-la-fondation-lekedi-biodiversite\/\">Inauguration au Gabon de la Fondation L\u00e9k\u00e9di Biodiversit\u00e9<\/a><\/h2><p class=\"fusion-single-line-meta\"><span class=\"updated\" style=\"display:none;\">2025-12-22T15:13:25+01:00<\/span><span>14 juin 2021<\/span><span class=\"fusion-inline-sep\">|<\/span>Cat\u00e9gories : <a href=\"https:\/\/lekedi-biodiversite.org\/fr\/category\/actualite\/\" rel=\"category tag\">Actualit\u00e9<\/a><span class=\"fusion-inline-sep\">|<\/span><\/p><div class=\"fusion-content-sep sep-double sep-solid\"><\/div><div class=\"fusion-post-content-container\"><p>Le 12 juin 2021, en pr\u00e9sence de Monsieur le Ministre des Eaux et for\u00eats, de la mer, de l\u2019environnement charg\u00e9 du plan climat et du plan d\u2019affectation des terres, le Pr. Lee White, Christel Bories, Pr\u00e9sidente directrice-g\u00e9n\u00e9rale d\u2019Eramet et Leod-Paul Batolo, Administrateur Directeur G\u00e9n\u00e9ral de Comilog, ont inaugur\u00e9 au Gabon la Fondation L\u00e9k\u00e9di Biodiversit\u00e9.<\/p><\/div><\/div><div class=\"fusion-meta-info\"><div class=\"fusion-alignleft\"><a class=\"fusion-read-more\" href=\"https:\/\/lekedi-biodiversite.org\/fr\/actualite\/inauguration-au-gabon-de-la-fondation-lekedi-biodiversite\/\" aria-label=\"More on Inauguration au Gabon de la Fondation L\u00e9k\u00e9di Biodiversit\u00e9\">Lire Plus<\/a><\/div><\/div><\/div><div class=\"fusion-clearfix\"><\/div><\/div>\n<\/article>\n<div class=\"fusion-clearfix\"><\/div><\/div><\/div><\/div><\/div><\/div><\/div>\n","protected":false},"excerpt":{"rendered":"","protected":false},"author":4,"featured_media":0,"parent":35,"menu_order":1,"comment_status":"closed","ping_status":"closed","template":"","meta":{"footnotes":""},"class_list":["post-227","page","type-page","status-publish","hentry"],"yoast_head":"<!-- This site is optimized with the Yoast SEO plugin v26.8 - https:\/\/yoast.com\/product\/yoast-seo-wordpress\/ -->\n<title>Actualit\u00e9s - Fondation L\u00e9k\u00e9di Biodiversit\u00e9<\/title>\n<meta name=\"robots\" content=\"index, follow, max-snippet:-1, max-image-preview:large, max-video-preview:-1\" \/>\n<link rel=\"canonical\" href=\"https:\/\/lekedi-biodiversite.org\/fr\/actualites\/actualites\/\" \/>\n<meta property=\"og:locale\" content=\"fr_FR\" \/>\n<meta property=\"og:type\" content=\"article\" \/>\n<meta property=\"og:title\" content=\"Actualit\u00e9s - Fondation L\u00e9k\u00e9di Biodiversit\u00e9\" \/>\n<meta property=\"og:url\" content=\"https:\/\/lekedi-biodiversite.org\/fr\/actualites\/actualites\/\" \/>\n<meta property=\"og:site_name\" content=\"Fondation L\u00e9k\u00e9di Biodiversit\u00e9\" \/>\n<meta property=\"article:modified_time\" content=\"2022-06-20T15:30:34+00:00\" \/>\n<meta name=\"twitter:card\" content=\"summary_large_image\" \/>\n<meta name=\"twitter:label1\" content=\"Dur\u00e9e de lecture estim\u00e9e\" \/>\n\t<meta name=\"twitter:data1\" content=\"2 minutes\" \/>\n<script type=\"application\/ld+json\" class=\"yoast-schema-graph\">{\"@context\":\"https:\/\/schema.org\",\"@graph\":[{\"@type\":\"WebPage\",\"@id\":\"https:\/\/lekedi-biodiversite.org\/fr\/actualites\/actualites\/\",\"url\":\"https:\/\/lekedi-biodiversite.org\/fr\/actualites\/actualites\/\",\"name\":\"Actualit\u00e9s - Fondation L\u00e9k\u00e9di Biodiversit\u00e9\",\"isPartOf\":{\"@id\":\"https:\/\/lekedi-biodiversite.org\/fr\/#website\"},\"datePublished\":\"2022-03-29T15:47:36+00:00\",\"dateModified\":\"2022-06-20T15:30:34+00:00\",\"breadcrumb\":{\"@id\":\"https:\/\/lekedi-biodiversite.org\/fr\/actualites\/actualites\/#breadcrumb\"},\"inLanguage\":\"fr-FR\",\"potentialAction\":[{\"@type\":\"ReadAction\",\"target\":[\"https:\/\/lekedi-biodiversite.org\/fr\/actualites\/actualites\/\"]}]},{\"@type\":\"BreadcrumbList\",\"@id\":\"https:\/\/lekedi-biodiversite.org\/fr\/actualites\/actualites\/#breadcrumb\",\"itemListElement\":[{\"@type\":\"ListItem\",\"position\":1,\"name\":\"Home\",\"item\":\"https:\/\/lekedi-biodiversite.org\/fr\/\"},{\"@type\":\"ListItem\",\"position\":2,\"name\":\"Actualit\u00e9s\",\"item\":\"https:\/\/lekedi-biodiversite.org\/fr\/actualites\/\"},{\"@type\":\"ListItem\",\"position\":3,\"name\":\"Actualit\u00e9s\"}]},{\"@type\":\"WebSite\",\"@id\":\"https:\/\/lekedi-biodiversite.org\/fr\/#website\",\"url\":\"https:\/\/lekedi-biodiversite.org\/fr\/\",\"name\":\"Fondation L\u00e9k\u00e9di Biodiversit\u00e9\",\"description\":\"Parc de la L\u00e9k\u00e9di\",\"potentialAction\":[{\"@type\":\"SearchAction\",\"target\":{\"@type\":\"EntryPoint\",\"urlTemplate\":\"https:\/\/lekedi-biodiversite.org\/fr\/?s={search_term_string}\"},\"query-input\":{\"@type\":\"PropertyValueSpecification\",\"valueRequired\":true,\"valueName\":\"search_term_string\"}}],\"inLanguage\":\"fr-FR\"}]}<\/script>\n<!-- \/ Yoast SEO plugin. -->","yoast_head_json":{"title":"Actualit\u00e9s - Fondation L\u00e9k\u00e9di Biodiversit\u00e9","robots":{"index":"index","follow":"follow","max-snippet":"max-snippet:-1","max-image-preview":"max-image-preview:large","max-video-preview":"max-video-preview:-1"},"canonical":"https:\/\/lekedi-biodiversite.org\/fr\/actualites\/actualites\/","og_locale":"fr_FR","og_type":"article","og_title":"Actualit\u00e9s - Fondation L\u00e9k\u00e9di Biodiversit\u00e9","og_url":"https:\/\/lekedi-biodiversite.org\/fr\/actualites\/actualites\/","og_site_name":"Fondation L\u00e9k\u00e9di Biodiversit\u00e9","article_modified_time":"2022-06-20T15:30:34+00:00","twitter_card":"summary_large_image","twitter_misc":{"Dur\u00e9e de lecture estim\u00e9e":"2 minutes"},"schema":{"@context":"https:\/\/schema.org","@graph":[{"@type":"WebPage","@id":"https:\/\/lekedi-biodiversite.org\/fr\/actualites\/actualites\/","url":"https:\/\/lekedi-biodiversite.org\/fr\/actualites\/actualites\/","name":"Actualit\u00e9s - Fondation L\u00e9k\u00e9di Biodiversit\u00e9","isPartOf":{"@id":"https:\/\/lekedi-biodiversite.org\/fr\/#website"},"datePublished":"2022-03-29T15:47:36+00:00","dateModified":"2022-06-20T15:30:34+00:00","breadcrumb":{"@id":"https:\/\/lekedi-biodiversite.org\/fr\/actualites\/actualites\/#breadcrumb"},"inLanguage":"fr-FR","potentialAction":[{"@type":"ReadAction","target":["https:\/\/lekedi-biodiversite.org\/fr\/actualites\/actualites\/"]}]},{"@type":"BreadcrumbList","@id":"https:\/\/lekedi-biodiversite.org\/fr\/actualites\/actualites\/#breadcrumb","itemListElement":[{"@type":"ListItem","position":1,"name":"Home","item":"https:\/\/lekedi-biodiversite.org\/fr\/"},{"@type":"ListItem","position":2,"name":"Actualit\u00e9s","item":"https:\/\/lekedi-biodiversite.org\/fr\/actualites\/"},{"@type":"ListItem","position":3,"name":"Actualit\u00e9s"}]},{"@type":"WebSite","@id":"https:\/\/lekedi-biodiversite.org\/fr\/#website","url":"https:\/\/lekedi-biodiversite.org\/fr\/","name":"Fondation L\u00e9k\u00e9di Biodiversit\u00e9","description":"Parc de la L\u00e9k\u00e9di","potentialAction":[{"@type":"SearchAction","target":{"@type":"EntryPoint","urlTemplate":"https:\/\/lekedi-biodiversite.org\/fr\/?s={search_term_string}"},"query-input":{"@type":"PropertyValueSpecification","valueRequired":true,"valueName":"search_term_string"}}],"inLanguage":"fr-FR"}]}},"_links":{"self":[{"href":"https:\/\/lekedi-biodiversite.org\/fr\/wp-json\/wp\/v2\/pages\/227","targetHints":{"allow":["GET"]}}],"collection":[{"href":"https:\/\/lekedi-biodiversite.org\/fr\/wp-json\/wp\/v2\/pages"}],"about":[{"href":"https:\/\/lekedi-biodiversite.org\/fr\/wp-json\/wp\/v2\/types\/page"}],"author":[{"embeddable":true,"href":"https:\/\/lekedi-biodiversite.org\/fr\/wp-json\/wp\/v2\/users\/4"}],"replies":[{"embeddable":true,"href":"https:\/\/lekedi-biodiversite.org\/fr\/wp-json\/wp\/v2\/comments?post=227"}],"version-history":[{"count":3,"href":"https:\/\/lekedi-biodiversite.org\/fr\/wp-json\/wp\/v2\/pages\/227\/revisions"}],"predecessor-version":[{"id":642,"href":"https:\/\/lekedi-biodiversite.org\/fr\/wp-json\/wp\/v2\/pages\/227\/revisions\/642"}],"up":[{"embeddable":true,"href":"https:\/\/lekedi-biodiversite.org\/fr\/wp-json\/wp\/v2\/pages\/35"}],"wp:attachment":[{"href":"https:\/\/lekedi-biodiversite.org\/fr\/wp-json\/wp\/v2\/media?parent=227"}],"curies":[{"name":"wp","href":"https:\/\/api.w.org\/{rel}","templated":true}]}}